{"id":2018,"date":"2020-02-02T19:39:41","date_gmt":"2020-02-02T19:39:41","guid":{"rendered":"https:\/\/myvegiday.com\/fr-ca\/recipes\/banana-orange-smoothie\/"},"modified":"2020-07-10T16:41:53","modified_gmt":"2020-07-10T16:41:53","slug":"boisson-frappee-a-la-banane-et-a-lorange","status":"publish","type":"recipe","link":"https:\/\/myvegiday.com\/fr-ca\/recettes\/boisson-frappee-a-la-banane-et-a-lorange\/","title":{"rendered":"Boisson frapp\u00e9e \u00e0 la banane et \u00e0 l&rsquo;orange"},"excerpt":{"rendered":"<p>Rien de mieux pour se donner de l\u2019\u00e9nergie d\u00e8s le matin que cette boisson frapp\u00e9e \u00e0 la banane et \u00e0 l\u2019orange. M\u00e9langez, puis saupoudrez de cannelle moulue, de muscade et de noix de Grenoble concass\u00e9es. Savourez !<\/p>\n","protected":false},"featured_media":1100,"template":"","class_list":["post-2018","recipe","type-recipe","status-publish","has-post-thumbnail","hentry","recipe_category-casse-croute","recipe_category-petit-dejeuner"],"acf":[],"yoast_head":"<!-- This site is optimized with the Yoast SEO Premium plugin v27.2 (Yoast SEO v27.5) - https:\/\/yoast.com\/product\/yoast-seo-premium-wordpress\/ -->\n<title>Boisson frapp\u00e9e \u00e0 la banane et \u00e0 l&#039;orange - VegiDay fr-CA<\/title>\n<meta name=\"description\" content=\"Rien de mieux pour se donner de l\u2019\u00e9nergie d\u00e8s le matin que cette boisson frapp\u00e9e \u00e0 la banane et \u00e0 l\u2019orange. Recette avec poudre de Prot\u00e9ines VegiDay.\" \/>\n<meta name=\"robots\" content=\"index, follow, max-snippet:-1, max-image-preview:large, max-video-preview:-1\" \/>\n<link rel=\"canonical\" href=\"https:\/\/myvegiday.com\/fr-ca\/recettes\/boisson-frappee-a-la-banane-et-a-lorange\/\" \/>\n<meta property=\"og:locale\" content=\"fr_CA\" \/>\n<meta property=\"og:type\" content=\"article\" \/>\n<meta property=\"og:title\" content=\"Boisson frapp\u00e9e \u00e0 la banane et \u00e0 l&#039;orange\" \/>\n<meta property=\"og:description\" content=\"Rien de mieux pour se donner de l\u2019\u00e9nergie d\u00e8s le matin que cette boisson frapp\u00e9e \u00e0 la banane et \u00e0 l\u2019orange. Recette avec poudre de Prot\u00e9ines VegiDay.\" \/>\n<meta property=\"og:url\" content=\"https:\/\/myvegiday.com\/fr-ca\/recettes\/boisson-frappee-a-la-banane-et-a-lorange\/\" \/>\n<meta property=\"og:site_name\" content=\"VegiDay fr-CA\" \/>\n<meta property=\"article:publisher\" content=\"https:\/\/www.facebook.com\/myvegiday\/\" \/>\n<meta property=\"article:modified_time\" content=\"2020-07-10T16:41:53+00:00\" \/>\n<meta property=\"og:image\" content=\"https:\/\/myvegiday.com\/fr-ca\/wp-content\/uploads\/sites\/3\/2018\/08\/GettyImages-926737872.jpg\" \/>\n\t<meta property=\"og:image:width\" content=\"483\" \/>\n\t<meta property=\"og:image:height\" content=\"724\" \/>\n\t<meta property=\"og:image:type\" content=\"image\/jpeg\" \/>\n<meta name=\"twitter:card\" content=\"summary_large_image\" \/>\n<script type=\"application\/ld+json\" class=\"yoast-schema-graph\">{\"@context\":\"https:\\\/\\\/schema.org\",\"@graph\":[{\"@type\":\"WebPage\",\"@id\":\"https:\\\/\\\/myvegiday.com\\\/fr-ca\\\/recettes\\\/boisson-frappee-a-la-banane-et-a-lorange\\\/\",\"url\":\"https:\\\/\\\/myvegiday.com\\\/fr-ca\\\/recettes\\\/boisson-frappee-a-la-banane-et-a-lorange\\\/\",\"name\":\"Boisson frapp\u00e9e \u00e0 la banane et \u00e0 l'orange - VegiDay fr-CA\",\"isPartOf\":{\"@id\":\"https:\\\/\\\/myvegiday.com\\\/fr-ca\\\/#website\"},\"primaryImageOfPage\":{\"@id\":\"https:\\\/\\\/myvegiday.com\\\/fr-ca\\\/recettes\\\/boisson-frappee-a-la-banane-et-a-lorange\\\/#primaryimage\"},\"image\":{\"@id\":\"https:\\\/\\\/myvegiday.com\\\/fr-ca\\\/recettes\\\/boisson-frappee-a-la-banane-et-a-lorange\\\/#primaryimage\"},\"thumbnailUrl\":\"https:\\\/\\\/myvegiday.com\\\/fr-ca\\\/wp-content\\\/uploads\\\/sites\\\/3\\\/2018\\\/08\\\/GettyImages-926737872.jpg\",\"datePublished\":\"2020-02-02T19:39:41+00:00\",\"dateModified\":\"2020-07-10T16:41:53+00:00\",\"description\":\"Rien de mieux pour se donner de l\u2019\u00e9nergie d\u00e8s le matin que cette boisson frapp\u00e9e \u00e0 la banane et \u00e0 l\u2019orange. Recette avec poudre de Prot\u00e9ines VegiDay.\",\"breadcrumb\":{\"@id\":\"https:\\\/\\\/myvegiday.com\\\/fr-ca\\\/recettes\\\/boisson-frappee-a-la-banane-et-a-lorange\\\/#breadcrumb\"},\"inLanguage\":\"fr-CA\",\"potentialAction\":[{\"@type\":\"ReadAction\",\"target\":[\"https:\\\/\\\/myvegiday.com\\\/fr-ca\\\/recettes\\\/boisson-frappee-a-la-banane-et-a-lorange\\\/\"]}]},{\"@type\":\"ImageObject\",\"inLanguage\":\"fr-CA\",\"@id\":\"https:\\\/\\\/myvegiday.com\\\/fr-ca\\\/recettes\\\/boisson-frappee-a-la-banane-et-a-lorange\\\/#primaryimage\",\"url\":\"https:\\\/\\\/myvegiday.com\\\/fr-ca\\\/wp-content\\\/uploads\\\/sites\\\/3\\\/2018\\\/08\\\/GettyImages-926737872.jpg\",\"contentUrl\":\"https:\\\/\\\/myvegiday.com\\\/fr-ca\\\/wp-content\\\/uploads\\\/sites\\\/3\\\/2018\\\/08\\\/GettyImages-926737872.jpg\",\"width\":483,\"height\":724,\"caption\":\"Orangen-Bananen-Smppthie mit Ingwer und Kurkuma\"},{\"@type\":\"BreadcrumbList\",\"@id\":\"https:\\\/\\\/myvegiday.com\\\/fr-ca\\\/recettes\\\/boisson-frappee-a-la-banane-et-a-lorange\\\/#breadcrumb\",\"itemListElement\":[{\"@type\":\"ListItem\",\"position\":1,\"name\":\"Home\",\"item\":\"https:\\\/\\\/myvegiday.com\\\/fr-ca\\\/\"},{\"@type\":\"ListItem\",\"position\":2,\"name\":\"Recipes\",\"item\":\"https:\\\/\\\/myvegiday.com\\\/fr-ca\\\/recettes\\\/\"},{\"@type\":\"ListItem\",\"position\":3,\"name\":\"Boisson frapp\u00e9e \u00e0 la banane et \u00e0 l&rsquo;orange\"}]},{\"@type\":\"WebSite\",\"@id\":\"https:\\\/\\\/myvegiday.com\\\/fr-ca\\\/#website\",\"url\":\"https:\\\/\\\/myvegiday.com\\\/fr-ca\\\/\",\"name\":\"VegiDay fr-CA\",\"description\":\"De l&#039;\u00e9nergie \u00e0 partir de z\u00e9ro\",\"publisher\":{\"@id\":\"https:\\\/\\\/myvegiday.com\\\/fr-ca\\\/#organization\"},\"potentialAction\":[{\"@type\":\"SearchAction\",\"target\":{\"@type\":\"EntryPoint\",\"urlTemplate\":\"https:\\\/\\\/myvegiday.com\\\/fr-ca\\\/?s={search_term_string}\"},\"query-input\":{\"@type\":\"PropertyValueSpecification\",\"valueRequired\":true,\"valueName\":\"search_term_string\"}}],\"inLanguage\":\"fr-CA\"},{\"@type\":\"Organization\",\"@id\":\"https:\\\/\\\/myvegiday.com\\\/fr-ca\\\/#organization\",\"name\":\"VegiDay\",\"url\":\"https:\\\/\\\/myvegiday.com\\\/fr-ca\\\/\",\"logo\":{\"@type\":\"ImageObject\",\"inLanguage\":\"fr-CA\",\"@id\":\"https:\\\/\\\/myvegiday.com\\\/fr-ca\\\/#\\\/schema\\\/logo\\\/image\\\/\",\"url\":\"https:\\\/\\\/myvegiday.com\\\/fr-ca\\\/wp-content\\\/uploads\\\/sites\\\/3\\\/2020\\\/05\\\/Logo-VegiDay-1200x1200-1.png\",\"contentUrl\":\"https:\\\/\\\/myvegiday.com\\\/fr-ca\\\/wp-content\\\/uploads\\\/sites\\\/3\\\/2020\\\/05\\\/Logo-VegiDay-1200x1200-1.png\",\"width\":1200,\"height\":1200,\"caption\":\"VegiDay\"},\"image\":{\"@id\":\"https:\\\/\\\/myvegiday.com\\\/fr-ca\\\/#\\\/schema\\\/logo\\\/image\\\/\"},\"sameAs\":[\"https:\\\/\\\/www.facebook.com\\\/myvegiday\\\/\",\"https:\\\/\\\/www.instagram.com\\\/vegiday\\\/\"]}]}<\/script>\n<!-- \/ Yoast SEO Premium plugin. -->","yoast_head_json":{"title":"Boisson frapp\u00e9e \u00e0 la banane et \u00e0 l'orange - VegiDay fr-CA","description":"Rien de mieux pour se donner de l\u2019\u00e9nergie d\u00e8s le matin que cette boisson frapp\u00e9e \u00e0 la banane et \u00e0 l\u2019orange. Recette avec poudre de Prot\u00e9ines VegiDay.","robots":{"index":"index","follow":"follow","max-snippet":"max-snippet:-1","max-image-preview":"max-image-preview:large","max-video-preview":"max-video-preview:-1"},"canonical":"https:\/\/myvegiday.com\/fr-ca\/recettes\/boisson-frappee-a-la-banane-et-a-lorange\/","og_locale":"fr_CA","og_type":"article","og_title":"Boisson frapp\u00e9e \u00e0 la banane et \u00e0 l'orange","og_description":"Rien de mieux pour se donner de l\u2019\u00e9nergie d\u00e8s le matin que cette boisson frapp\u00e9e \u00e0 la banane et \u00e0 l\u2019orange. Recette avec poudre de Prot\u00e9ines VegiDay.","og_url":"https:\/\/myvegiday.com\/fr-ca\/recettes\/boisson-frappee-a-la-banane-et-a-lorange\/","og_site_name":"VegiDay fr-CA","article_publisher":"https:\/\/www.facebook.com\/myvegiday\/","article_modified_time":"2020-07-10T16:41:53+00:00","og_image":[{"width":483,"height":724,"url":"https:\/\/myvegiday.com\/fr-ca\/wp-content\/uploads\/sites\/3\/2018\/08\/GettyImages-926737872.jpg","type":"image\/jpeg"}],"twitter_card":"summary_large_image","schema":{"@context":"https:\/\/schema.org","@graph":[{"@type":"WebPage","@id":"https:\/\/myvegiday.com\/fr-ca\/recettes\/boisson-frappee-a-la-banane-et-a-lorange\/","url":"https:\/\/myvegiday.com\/fr-ca\/recettes\/boisson-frappee-a-la-banane-et-a-lorange\/","name":"Boisson frapp\u00e9e \u00e0 la banane et \u00e0 l'orange - VegiDay fr-CA","isPartOf":{"@id":"https:\/\/myvegiday.com\/fr-ca\/#website"},"primaryImageOfPage":{"@id":"https:\/\/myvegiday.com\/fr-ca\/recettes\/boisson-frappee-a-la-banane-et-a-lorange\/#primaryimage"},"image":{"@id":"https:\/\/myvegiday.com\/fr-ca\/recettes\/boisson-frappee-a-la-banane-et-a-lorange\/#primaryimage"},"thumbnailUrl":"https:\/\/myvegiday.com\/fr-ca\/wp-content\/uploads\/sites\/3\/2018\/08\/GettyImages-926737872.jpg","datePublished":"2020-02-02T19:39:41+00:00","dateModified":"2020-07-10T16:41:53+00:00","description":"Rien de mieux pour se donner de l\u2019\u00e9nergie d\u00e8s le matin que cette boisson frapp\u00e9e \u00e0 la banane et \u00e0 l\u2019orange. Recette avec poudre de Prot\u00e9ines VegiDay.","breadcrumb":{"@id":"https:\/\/myvegiday.com\/fr-ca\/recettes\/boisson-frappee-a-la-banane-et-a-lorange\/#breadcrumb"},"inLanguage":"fr-CA","potentialAction":[{"@type":"ReadAction","target":["https:\/\/myvegiday.com\/fr-ca\/recettes\/boisson-frappee-a-la-banane-et-a-lorange\/"]}]},{"@type":"ImageObject","inLanguage":"fr-CA","@id":"https:\/\/myvegiday.com\/fr-ca\/recettes\/boisson-frappee-a-la-banane-et-a-lorange\/#primaryimage","url":"https:\/\/myvegiday.com\/fr-ca\/wp-content\/uploads\/sites\/3\/2018\/08\/GettyImages-926737872.jpg","contentUrl":"https:\/\/myvegiday.com\/fr-ca\/wp-content\/uploads\/sites\/3\/2018\/08\/GettyImages-926737872.jpg","width":483,"height":724,"caption":"Orangen-Bananen-Smppthie mit Ingwer und Kurkuma"},{"@type":"BreadcrumbList","@id":"https:\/\/myvegiday.com\/fr-ca\/recettes\/boisson-frappee-a-la-banane-et-a-lorange\/#breadcrumb","itemListElement":[{"@type":"ListItem","position":1,"name":"Home","item":"https:\/\/myvegiday.com\/fr-ca\/"},{"@type":"ListItem","position":2,"name":"Recipes","item":"https:\/\/myvegiday.com\/fr-ca\/recettes\/"},{"@type":"ListItem","position":3,"name":"Boisson frapp\u00e9e \u00e0 la banane et \u00e0 l&rsquo;orange"}]},{"@type":"WebSite","@id":"https:\/\/myvegiday.com\/fr-ca\/#website","url":"https:\/\/myvegiday.com\/fr-ca\/","name":"VegiDay fr-CA","description":"De l&#039;\u00e9nergie \u00e0 partir de z\u00e9ro","publisher":{"@id":"https:\/\/myvegiday.com\/fr-ca\/#organization"},"potentialAction":[{"@type":"SearchAction","target":{"@type":"EntryPoint","urlTemplate":"https:\/\/myvegiday.com\/fr-ca\/?s={search_term_string}"},"query-input":{"@type":"PropertyValueSpecification","valueRequired":true,"valueName":"search_term_string"}}],"inLanguage":"fr-CA"},{"@type":"Organization","@id":"https:\/\/myvegiday.com\/fr-ca\/#organization","name":"VegiDay","url":"https:\/\/myvegiday.com\/fr-ca\/","logo":{"@type":"ImageObject","inLanguage":"fr-CA","@id":"https:\/\/myvegiday.com\/fr-ca\/#\/schema\/logo\/image\/","url":"https:\/\/myvegiday.com\/fr-ca\/wp-content\/uploads\/sites\/3\/2020\/05\/Logo-VegiDay-1200x1200-1.png","contentUrl":"https:\/\/myvegiday.com\/fr-ca\/wp-content\/uploads\/sites\/3\/2020\/05\/Logo-VegiDay-1200x1200-1.png","width":1200,"height":1200,"caption":"VegiDay"},"image":{"@id":"https:\/\/myvegiday.com\/fr-ca\/#\/schema\/logo\/image\/"},"sameAs":["https:\/\/www.facebook.com\/myvegiday\/","https:\/\/www.instagram.com\/vegiday\/"]}]}},"_links":{"self":[{"href":"https:\/\/myvegiday.com\/fr-ca\/wp-json\/wp\/v2\/recipe\/2018","targetHints":{"allow":["GET"]}}],"collection":[{"href":"https:\/\/myvegiday.com\/fr-ca\/wp-json\/wp\/v2\/recipe"}],"about":[{"href":"https:\/\/myvegiday.com\/fr-ca\/wp-json\/wp\/v2\/types\/recipe"}],"wp:featuredmedia":[{"embeddable":true,"href":"https:\/\/myvegiday.com\/fr-ca\/wp-json\/wp\/v2\/media\/1100"}],"wp:attachment":[{"href":"https:\/\/myvegiday.com\/fr-ca\/wp-json\/wp\/v2\/media?parent=2018"}],"curies":[{"name":"wp","href":"https:\/\/api.w.org\/{rel}","templated":true}]}}